{"id":203,"date":"2023-01-11T17:05:09","date_gmt":"2023-01-11T17:05:09","guid":{"rendered":"http:\/\/www.germano-gestione-veicoli.it\/index.php\/prodotto\/album-4\/"},"modified":"2024-01-17T14:32:23","modified_gmt":"2024-01-17T14:32:23","slug":"album-4","status":"publish","type":"product","link":"https:\/\/www.germano-gestione-veicoli.it\/index.php\/prodotto\/album-4\/","title":{"rendered":"GERMANO-tec"},"content":{"rendered":"<ul>\n<li style=\"font-weight: 400;\" aria-level=\"1\"><span style=\"font-weight: 400;\">News novit\u00e0 codice della strada<\/span><\/li>\n<li style=\"font-weight: 400;\" aria-level=\"1\"><span style=\"font-weight: 400;\">Prenotazione lavori di riparazione<\/span><\/li>\n<li style=\"font-weight: 400;\" aria-level=\"1\"><span style=\"font-weight: 400;\">Analisi e relazione preventivi<\/span><\/li>\n<li style=\"font-weight: 400;\" aria-level=\"1\"><span style=\"font-weight: 400;\">Prenotazione lavori di manutenzione<\/span><\/li>\n<li style=\"font-weight: 400;\" aria-level=\"1\"><span style=\"font-weight: 400;\">Prenotazione Revisione Periodica<\/span><\/li>\n<li style=\"font-weight: 400;\" aria-level=\"1\"><span style=\"font-weight: 400;\">Alert Revisione periodica<\/span><\/li>\n<li style=\"font-weight: 400;\" aria-level=\"1\"><span style=\"font-weight: 400;\">Alert sostituzione pneumatici (invernali\/estivi)<\/span><\/li>\n<li style=\"font-weight: 400;\" aria-level=\"1\"><span style=\"font-weight: 400;\">Noleggio Auto breve termine (partnership con autoeurope)<\/span><\/li>\n<li style=\"font-weight: 400;\" aria-level=\"1\"><span style=\"font-weight: 400;\">Noleggio Auto Lungo Termine (partnership con Total Mobility)<\/span><\/li>\n<\/ul>\n<p>in pi\u00f9 rispetto a GERMANO<\/p>\n<ul>\n<li>Soccorso stradale<\/li>\n<li>Consulenza tecnica in caso di diatriba stragiudiziale<\/li>\n<\/ul>\n<p><a href=\"http:\/\/www.germano-gestione-veicoli.it\/wp-content\/uploads\/2023\/01\/MG096110123germanotecfacsimile-1.pdf\" target=\"_blank\" rel=\"noopener\"><strong>Leggi qui<\/strong><\/a> le condizioni generali del servizio<\/p>\n","protected":false},"excerpt":{"rendered":"<p class=\"has-neve-link-color-color has-text-color\">GERMANO \u00e8 il tuo consulente personale per la gestione della tua auto. Stare al passo con la normativa e con le nuove tecnologie non \u00e8 semplice; altrettanto complicato \u00e8 riuscire a capire un preventivo di riparazione e a valutare la soluzione migliore: conveniente ma senza tralasciare la qualit\u00e0. Per non parlare delle scadenze. Con GERMANO non sar\u00e0 pi\u00f9 un problema<\/p>\n<p class=\"has-neve-text-color-color has-text-color\">Come funziona? Semplice: contatti GERMANO e penseremo noi a prenotare l\u2019appuntamento in officina, interagire con il riparatore, valutare il preventivo e indicarti la soluzione migliore per il caso.<\/p>\n<p><strong>Con la GERMANO-tec hai in pi\u00f9 il servizio di soccorso stradale, valido in tutta Europa, e la Consulenza Tecnica in caso di diatriba stragiudiziale.<\/strong><\/p>\n<p><a href=\"http:\/\/www.germano-gestione-veicoli.it\/wp-content\/uploads\/2023\/01\/MG096110123germanotecfacsimile-1.pdf\" target=\"_blank\" rel=\"noopener\"><strong>Leggi qui<\/strong><\/a> le condizioni generali del servizio<\/p>\n","protected":false},"featured_media":204,"comment_status":"open","ping_status":"closed","template":"","meta":{"neve_meta_sidebar":"","neve_meta_container":"","neve_meta_enable_content_width":"off","neve_meta_content_width":100,"neve_meta_title_alignment":"","neve_meta_author_avatar":"","neve_post_elements_order":"","neve_meta_disable_header":"","neve_meta_disable_footer":"","neve_meta_disable_title":""},"product_brand":[],"product_cat":[22],"product_tag":[],"class_list":{"0":"post-203","1":"product","2":"type-product","3":"status-publish","4":"has-post-thumbnail","6":"product_cat-gestione-veicoli","8":"first","9":"instock","10":"taxable","11":"shipping-taxable","12":"purchasable","13":"product-type-subscription"},"yoast_head":"<!-- This site is optimized with the Yoast SEO plugin v28.4 - https:\/\/yoast.com\/product\/yoast-seo-wordpress\/ -->\n<title>GERMANO-tec - GERMANO - Gestione Veicoli<\/title>\n<meta name=\"robots\" content=\"index, follow, max-snippet:-1, max-image-preview:large, max-video-preview:-1\" \/>\n<link rel=\"canonical\" href=\"https:\/\/www.germano-gestione-veicoli.it\/index.php\/prodotto\/album-4\/\" \/>\n<meta property=\"og:locale\" content=\"it_IT\" \/>\n<meta property=\"og:type\" content=\"article\" \/>\n<meta property=\"og:title\" content=\"GERMANO-tec - GERMANO - Gestione Veicoli\" \/>\n<meta property=\"og:description\" content=\"GERMANO \u00e8 il tuo consulente personale per la gestione della tua auto. Stare al passo con la normativa e con le nuove tecnologie non \u00e8 semplice; altrettanto complicato \u00e8 riuscire a capire un preventivo di riparazione e a valutare la soluzione migliore: conveniente ma senza tralasciare la qualit\u00e0. Per non parlare delle scadenze. Con GERMANO non sar\u00e0 pi\u00f9 un problema Come funziona? Semplice: contatti GERMANO e penseremo noi a prenotare l\u2019appuntamento in officina, interagire con il riparatore, valutare il preventivo e indicarti la soluzione migliore per il caso. Con la GERMANO-tec hai in pi\u00f9 il servizio di soccorso stradale, valido in tutta Europa, e la Consulenza Tecnica in caso di diatriba stragiudiziale.  Leggi qui le condizioni generali del servizio\" \/>\n<meta property=\"og:url\" content=\"https:\/\/www.germano-gestione-veicoli.it\/index.php\/prodotto\/album-4\/\" \/>\n<meta property=\"og:site_name\" content=\"GERMANO - Gestione Veicoli\" \/>\n<meta property=\"article:publisher\" content=\"https:\/\/www.facebook.com\/Germano-Gestione-Veicoli-102365266124820\" \/>\n<meta property=\"article:modified_time\" content=\"2024-01-17T14:32:23+00:00\" \/>\n<meta property=\"og:image\" content=\"http:\/\/www.germano-gestione-veicoli.it\/wp-content\/uploads\/2023\/01\/germano-tec.jpg\" \/>\n\t<meta property=\"og:image:width\" content=\"2000\" \/>\n\t<meta property=\"og:image:height\" content=\"1500\" \/>\n\t<meta property=\"og:image:type\" content=\"image\/jpeg\" \/>\n<meta name=\"twitter:card\" content=\"summary_large_image\" \/>\n<meta name=\"twitter:label1\" content=\"Tempo di lettura stimato\" \/>\n\t<meta name=\"twitter:data1\" content=\"1 minuto\" \/>\n<script type=\"application\/ld+json\" class=\"yoast-schema-graph\">{\"@context\":\"https:\\\/\\\/schema.org\",\"@graph\":[{\"@type\":\"WebPage\",\"@id\":\"https:\\\/\\\/www.germano-gestione-veicoli.it\\\/index.php\\\/prodotto\\\/album-4\\\/\",\"url\":\"https:\\\/\\\/www.germano-gestione-veicoli.it\\\/index.php\\\/prodotto\\\/album-4\\\/\",\"name\":\"GERMANO-tec - GERMANO - Gestione Veicoli\",\"isPartOf\":{\"@id\":\"https:\\\/\\\/www.germano-gestione-veicoli.it\\\/#website\"},\"primaryImageOfPage\":{\"@id\":\"https:\\\/\\\/www.germano-gestione-veicoli.it\\\/index.php\\\/prodotto\\\/album-4\\\/#primaryimage\"},\"image\":{\"@id\":\"https:\\\/\\\/www.germano-gestione-veicoli.it\\\/index.php\\\/prodotto\\\/album-4\\\/#primaryimage\"},\"thumbnailUrl\":\"https:\\\/\\\/www.germano-gestione-veicoli.it\\\/wp-content\\\/uploads\\\/2023\\\/01\\\/germano-tec.jpg\",\"datePublished\":\"2023-01-11T17:05:09+00:00\",\"dateModified\":\"2024-01-17T14:32:23+00:00\",\"breadcrumb\":{\"@id\":\"https:\\\/\\\/www.germano-gestione-veicoli.it\\\/index.php\\\/prodotto\\\/album-4\\\/#breadcrumb\"},\"inLanguage\":\"it-IT\",\"potentialAction\":[{\"@type\":\"ReadAction\",\"target\":[\"https:\\\/\\\/www.germano-gestione-veicoli.it\\\/index.php\\\/prodotto\\\/album-4\\\/\"]}]},{\"@type\":\"ImageObject\",\"inLanguage\":\"it-IT\",\"@id\":\"https:\\\/\\\/www.germano-gestione-veicoli.it\\\/index.php\\\/prodotto\\\/album-4\\\/#primaryimage\",\"url\":\"https:\\\/\\\/www.germano-gestione-veicoli.it\\\/wp-content\\\/uploads\\\/2023\\\/01\\\/germano-tec.jpg\",\"contentUrl\":\"https:\\\/\\\/www.germano-gestione-veicoli.it\\\/wp-content\\\/uploads\\\/2023\\\/01\\\/germano-tec.jpg\",\"width\":2000,\"height\":1500},{\"@type\":\"BreadcrumbList\",\"@id\":\"https:\\\/\\\/www.germano-gestione-veicoli.it\\\/index.php\\\/prodotto\\\/album-4\\\/#breadcrumb\",\"itemListElement\":[{\"@type\":\"ListItem\",\"position\":1,\"name\":\"Home\",\"item\":\"https:\\\/\\\/www.germano-gestione-veicoli.it\\\/\"},{\"@type\":\"ListItem\",\"position\":2,\"name\":\"Shop\",\"item\":\"https:\\\/\\\/www.germano-gestione-veicoli.it\\\/index.php\\\/negozio\\\/\"},{\"@type\":\"ListItem\",\"position\":3,\"name\":\"GERMANO-tec\"}]},{\"@type\":\"WebSite\",\"@id\":\"https:\\\/\\\/www.germano-gestione-veicoli.it\\\/#website\",\"url\":\"https:\\\/\\\/www.germano-gestione-veicoli.it\\\/\",\"name\":\"GERMANO - Gestione Veicoli\",\"description\":\"\",\"publisher\":{\"@id\":\"https:\\\/\\\/www.germano-gestione-veicoli.it\\\/#organization\"},\"potentialAction\":[{\"@type\":\"SearchAction\",\"target\":{\"@type\":\"EntryPoint\",\"urlTemplate\":\"https:\\\/\\\/www.germano-gestione-veicoli.it\\\/?s={search_term_string}\"},\"query-input\":{\"@type\":\"PropertyValueSpecification\",\"valueRequired\":true,\"valueName\":\"search_term_string\"}}],\"inLanguage\":\"it-IT\"},{\"@type\":\"Organization\",\"@id\":\"https:\\\/\\\/www.germano-gestione-veicoli.it\\\/#organization\",\"name\":\"MG Garantie GmbH\",\"url\":\"https:\\\/\\\/www.germano-gestione-veicoli.it\\\/\",\"logo\":{\"@type\":\"ImageObject\",\"inLanguage\":\"it-IT\",\"@id\":\"https:\\\/\\\/www.germano-gestione-veicoli.it\\\/#\\\/schema\\\/logo\\\/image\\\/\",\"url\":\"http:\\\/\\\/www.germano-gestione-veicoli.it\\\/wp-content\\\/uploads\\\/2022\\\/12\\\/GERMANO-LOGO-2480X2480.jpg\",\"contentUrl\":\"http:\\\/\\\/www.germano-gestione-veicoli.it\\\/wp-content\\\/uploads\\\/2022\\\/12\\\/GERMANO-LOGO-2480X2480.jpg\",\"width\":2480,\"height\":2482,\"caption\":\"MG Garantie GmbH\"},\"image\":{\"@id\":\"https:\\\/\\\/www.germano-gestione-veicoli.it\\\/#\\\/schema\\\/logo\\\/image\\\/\"},\"sameAs\":[\"https:\\\/\\\/www.facebook.com\\\/Germano-Gestione-Veicoli-102365266124820\"]}]}<\/script>\n<!-- \/ Yoast SEO plugin. -->","yoast_head_json":{"title":"GERMANO-tec - GERMANO - Gestione Veicoli","robots":{"index":"index","follow":"follow","max-snippet":"max-snippet:-1","max-image-preview":"max-image-preview:large","max-video-preview":"max-video-preview:-1"},"canonical":"https:\/\/www.germano-gestione-veicoli.it\/index.php\/prodotto\/album-4\/","og_locale":"it_IT","og_type":"article","og_title":"GERMANO-tec - GERMANO - Gestione Veicoli","og_description":"GERMANO \u00e8 il tuo consulente personale per la gestione della tua auto. Stare al passo con la normativa e con le nuove tecnologie non \u00e8 semplice; altrettanto complicato \u00e8 riuscire a capire un preventivo di riparazione e a valutare la soluzione migliore: conveniente ma senza tralasciare la qualit\u00e0. Per non parlare delle scadenze. Con GERMANO non sar\u00e0 pi\u00f9 un problema Come funziona? Semplice: contatti GERMANO e penseremo noi a prenotare l\u2019appuntamento in officina, interagire con il riparatore, valutare il preventivo e indicarti la soluzione migliore per il caso. Con la GERMANO-tec hai in pi\u00f9 il servizio di soccorso stradale, valido in tutta Europa, e la Consulenza Tecnica in caso di diatriba stragiudiziale.  Leggi qui le condizioni generali del servizio","og_url":"https:\/\/www.germano-gestione-veicoli.it\/index.php\/prodotto\/album-4\/","og_site_name":"GERMANO - Gestione Veicoli","article_publisher":"https:\/\/www.facebook.com\/Germano-Gestione-Veicoli-102365266124820","article_modified_time":"2024-01-17T14:32:23+00:00","og_image":[{"width":2000,"height":1500,"url":"http:\/\/www.germano-gestione-veicoli.it\/wp-content\/uploads\/2023\/01\/germano-tec.jpg","type":"image\/jpeg"}],"twitter_card":"summary_large_image","twitter_misc":{"Tempo di lettura stimato":"1 minuto"},"schema":{"@context":"https:\/\/schema.org","@graph":[{"@type":"WebPage","@id":"https:\/\/www.germano-gestione-veicoli.it\/index.php\/prodotto\/album-4\/","url":"https:\/\/www.germano-gestione-veicoli.it\/index.php\/prodotto\/album-4\/","name":"GERMANO-tec - GERMANO - Gestione Veicoli","isPartOf":{"@id":"https:\/\/www.germano-gestione-veicoli.it\/#website"},"primaryImageOfPage":{"@id":"https:\/\/www.germano-gestione-veicoli.it\/index.php\/prodotto\/album-4\/#primaryimage"},"image":{"@id":"https:\/\/www.germano-gestione-veicoli.it\/index.php\/prodotto\/album-4\/#primaryimage"},"thumbnailUrl":"https:\/\/www.germano-gestione-veicoli.it\/wp-content\/uploads\/2023\/01\/germano-tec.jpg","datePublished":"2023-01-11T17:05:09+00:00","dateModified":"2024-01-17T14:32:23+00:00","breadcrumb":{"@id":"https:\/\/www.germano-gestione-veicoli.it\/index.php\/prodotto\/album-4\/#breadcrumb"},"inLanguage":"it-IT","potentialAction":[{"@type":"ReadAction","target":["https:\/\/www.germano-gestione-veicoli.it\/index.php\/prodotto\/album-4\/"]}]},{"@type":"ImageObject","inLanguage":"it-IT","@id":"https:\/\/www.germano-gestione-veicoli.it\/index.php\/prodotto\/album-4\/#primaryimage","url":"https:\/\/www.germano-gestione-veicoli.it\/wp-content\/uploads\/2023\/01\/germano-tec.jpg","contentUrl":"https:\/\/www.germano-gestione-veicoli.it\/wp-content\/uploads\/2023\/01\/germano-tec.jpg","width":2000,"height":1500},{"@type":"BreadcrumbList","@id":"https:\/\/www.germano-gestione-veicoli.it\/index.php\/prodotto\/album-4\/#breadcrumb","itemListElement":[{"@type":"ListItem","position":1,"name":"Home","item":"https:\/\/www.germano-gestione-veicoli.it\/"},{"@type":"ListItem","position":2,"name":"Shop","item":"https:\/\/www.germano-gestione-veicoli.it\/index.php\/negozio\/"},{"@type":"ListItem","position":3,"name":"GERMANO-tec"}]},{"@type":"WebSite","@id":"https:\/\/www.germano-gestione-veicoli.it\/#website","url":"https:\/\/www.germano-gestione-veicoli.it\/","name":"GERMANO - Gestione Veicoli","description":"","publisher":{"@id":"https:\/\/www.germano-gestione-veicoli.it\/#organization"},"potentialAction":[{"@type":"SearchAction","target":{"@type":"EntryPoint","urlTemplate":"https:\/\/www.germano-gestione-veicoli.it\/?s={search_term_string}"},"query-input":{"@type":"PropertyValueSpecification","valueRequired":true,"valueName":"search_term_string"}}],"inLanguage":"it-IT"},{"@type":"Organization","@id":"https:\/\/www.germano-gestione-veicoli.it\/#organization","name":"MG Garantie GmbH","url":"https:\/\/www.germano-gestione-veicoli.it\/","logo":{"@type":"ImageObject","inLanguage":"it-IT","@id":"https:\/\/www.germano-gestione-veicoli.it\/#\/schema\/logo\/image\/","url":"http:\/\/www.germano-gestione-veicoli.it\/wp-content\/uploads\/2022\/12\/GERMANO-LOGO-2480X2480.jpg","contentUrl":"http:\/\/www.germano-gestione-veicoli.it\/wp-content\/uploads\/2022\/12\/GERMANO-LOGO-2480X2480.jpg","width":2480,"height":2482,"caption":"MG Garantie GmbH"},"image":{"@id":"https:\/\/www.germano-gestione-veicoli.it\/#\/schema\/logo\/image\/"},"sameAs":["https:\/\/www.facebook.com\/Germano-Gestione-Veicoli-102365266124820"]}]}},"jetpack_sharing_enabled":true,"_links":{"self":[{"href":"https:\/\/www.germano-gestione-veicoli.it\/index.php\/wp-json\/wp\/v2\/product\/203","targetHints":{"allow":["GET"]}}],"collection":[{"href":"https:\/\/www.germano-gestione-veicoli.it\/index.php\/wp-json\/wp\/v2\/product"}],"about":[{"href":"https:\/\/www.germano-gestione-veicoli.it\/index.php\/wp-json\/wp\/v2\/types\/product"}],"replies":[{"embeddable":true,"href":"https:\/\/www.germano-gestione-veicoli.it\/index.php\/wp-json\/wp\/v2\/comments?post=203"}],"wp:featuredmedia":[{"embeddable":true,"href":"https:\/\/www.germano-gestione-veicoli.it\/index.php\/wp-json\/wp\/v2\/media\/204"}],"wp:attachment":[{"href":"https:\/\/www.germano-gestione-veicoli.it\/index.php\/wp-json\/wp\/v2\/media?parent=203"}],"wp:term":[{"taxonomy":"product_brand","embeddable":true,"href":"https:\/\/www.germano-gestione-veicoli.it\/index.php\/wp-json\/wp\/v2\/product_brand?post=203"},{"taxonomy":"product_cat","embeddable":true,"href":"https:\/\/www.germano-gestione-veicoli.it\/index.php\/wp-json\/wp\/v2\/product_cat?post=203"},{"taxonomy":"product_tag","embeddable":true,"href":"https:\/\/www.germano-gestione-veicoli.it\/index.php\/wp-json\/wp\/v2\/product_tag?post=203"}],"curies":[{"name":"wp","href":"https:\/\/api.w.org\/{rel}","templated":true}]}}